{"id":8985,"date":"2022-02-08T21:26:05","date_gmt":"2022-02-08T19:26:05","guid":{"rendered":"https:\/\/hmei.hu\/?page_id=8985"},"modified":"2026-04-16T08:59:28","modified_gmt":"2026-04-16T06:59:28","slug":"kozerdeku-adatok","status":"publish","type":"page","link":"https:\/\/hmei.hu\/en\/kozerdeku-adatok\/","title":{"rendered":"Data of public interest"},"content":{"rendered":"<section class=\"ls     fejlec is\"\n         id=\"fejlec-cimlap\"\n\t\t\t>\n\t<h6 class=\"d-none\">Fejl\u00e9c IS \u00fcres <\/h6>\n\t\t<div class=\"container-fluid\">\n\t\t<div class=\"row\">\n\t\t\t<div class=\"col-xs-12 col-12 coverimg is\" >\n\t\n<div class=\"rellax\" data-rellax-speed=\"-4\">\n<\/div><\/div><!-- .col-* -->\n\t\t<\/div>\n\n\t<\/div>\n<\/section>\n<aside class=\"shortcode-widget-area\"><div id=\"custom_html-10\" class=\"widget_text widget widget_custom_html\"><h3 class=\"widget-title\">Szolg\u00e1ltat\u00e1s Slider<\/h3><div class=\"textwidget custom-html-widget\"><div class=\"cs cs2 is\" id=\"fejlec-iconslider\">\r\n    <div class=\"container\">\r\n    <div class=\"row\">\r\n    <div class=\"col-xs-12 col-12 fejlec-slider-ikonok\">\r\n        \r\n    <div class=\"owl-carousel owl-loaded owl-drag owl-theme\" data-items=\"5\" data-loop=\"false\" data-nav=\"true\" data-dots=\"false\" data-center=\"false\" data-autoplay=\"false\" data-responsive-lg=\"5\" data-responsive-md=\"4\" data-responsive-sm=\"3\" data-responsive-xs=\"1\" data-margin=\"2\">\r\n    \r\n    <span class=\"ingatlan\" data-index=\"0\">\r\n        <a lang=\"en-GB\" class=\"en\"  data-info=\"Real Estate\" href=\"\/en\/szolgaltatasok\/ingatlan\/\" target=\"_self\">\r\n            <img decoding=\"async\" src=\"\/wp-content\/uploads\/2022\/01\/luft-icon.png\" alt=\"\/\/www.hmei.hu\/wp-content\/uploads\/2022\/01\/luft-icon.png\">\r\n        <\/a>\r\n        <a lang=\"hu\" class=\"hu\" data-info=\"Ingatlan\" href=\"\/en\/szolgaltatasok\/ingatlan\/\" target=\"_self\" >\r\n            <img decoding=\"async\" src=\"\/wp-content\/uploads\/2022\/01\/luft-icon.png\" alt=\"\/\/www.hmei.hu\/wp-content\/uploads\/2022\/01\/luft-icon.png\">\r\n        <\/a>\r\n    <\/span>\r\n        \r\n    <span class=\"it\" data-index=\"1\">\r\n        <a lang=\"en-GB\" class=\"en\" data-info=\"IT\" href=\"\/en\/szolgaltatasok\/informatika\/\" target=\"_self\">\r\n            <img decoding=\"async\" src=\"\/wp-content\/uploads\/2022\/01\/luft-icon.png\" alt=\"\/\/www.hmei.hu\/wp-content\/uploads\/2022\/01\/luft-icon.png\">\r\n        <\/a>\r\n        <a lang=\"hu\" class=\"hu\" data-info=\"Informatika\" href=\"\/en\/szolgaltatasok\/informatika\/\" target=\"_self\">\r\n            <img decoding=\"async\" src=\"\/wp-content\/uploads\/2022\/01\/luft-icon.png\" alt=\"\/\/www.hmei.hu\/wp-content\/uploads\/2022\/01\/luft-icon.png\">\r\n        <\/a>\r\n    <\/span>\r\n        \r\n    <span class=\"orzes\" data-index=\"2\">\r\n        <a lang=\"en-GB\" class=\"en\" data-info=\"Security and protection\" href=\"\/en\/szolgaltatasok\/orzes-vedelem\/\" target=\"_self\">\r\n            <img decoding=\"async\" src=\"\/wp-content\/uploads\/2022\/01\/luft-icon.png\" alt=\"\/\/www.hmei.hu\/wp-content\/uploads\/2022\/01\/luft-icon.png\">\r\n        <\/a>\r\n        <a lang=\"hu\" class=\"hu\" data-info=\"\u0150rz\u00e9s-\u200bv\u00e9delemm\" href=\"\/en\/szolgaltatasok\/orzes-vedelem\/\" target=\"_self\">\r\n            <img decoding=\"async\" src=\"\/wp-content\/uploads\/2022\/01\/luft-icon.png\" alt=\"\/\/www.hmei.hu\/wp-content\/uploads\/2022\/01\/luft-icon.png\">\r\n        <\/a>\r\n    <\/span>\r\n        \r\n    <span class=\"ruhazat\" data-index=\"3\">\r\n        <a lang=\"en-GB\" class=\"en\" data-info=\"Textile industry\" href=\"\/en\/szolgaltatasok\/textilipar\/\" target=\"_self\">\r\n            <img decoding=\"async\" src=\"\/wp-content\/uploads\/2022\/01\/luft-icon.png\" alt=\"\/\/www.hmei.hu\/wp-content\/uploads\/2022\/01\/luft-icon.png\">\r\n        <\/a>\r\n        <a lang=\"hu\" class=\"hu\" data-info=\"Textilipar\" href=\"\/en\/szolgaltatasok\/textilipar\/\" target=\"_self\">\r\n            <img decoding=\"async\" src=\"\/wp-content\/uploads\/2022\/01\/luft-icon.png\" alt=\"\/\/www.hmei.hu\/wp-content\/uploads\/2022\/01\/luft-icon.png\">\r\n        <\/a>\r\n    <\/span>\r\n        \r\n    <span class=\"dron\" data-index=\"4\">\r\n        <a lang=\"en-GB\" class=\"en\" data-info=\"Aeronaitics\" href=\"\/en\/szolgaltatasok\/repules\/\" target=\"_self\">\r\n            <img decoding=\"async\" src=\"\/wp-content\/uploads\/2022\/01\/luft-icon.png\" alt=\"\/\/www.hmei.hu\/wp-content\/uploads\/2022\/01\/luft-icon.png\">\r\n        <\/a>\r\n        <a lang=\"hu\" class=\"hu\" data-info=\"Rep\u00fcl\u00e9s\" href=\"\/en\/szolgaltatasok\/repules\/\" target=\"_self\">\r\n            <img decoding=\"async\" src=\"\/wp-content\/uploads\/2022\/01\/luft-icon.png\" alt=\"\/\/www.hmei.hu\/wp-content\/uploads\/2022\/01\/luft-icon.png\">\r\n        <\/a>\r\n    <\/span>\r\n        \r\n    <span class=\"flotta\" data-index=\"5\">\r\n        <a lang=\"en-GB\" class=\"en\" data-info=\"Fleet management\" href=\"\/en\/szolgaltatasok\/flottakezeles\/\" target=\"_self\">\r\n            <img decoding=\"async\" src=\"\/wp-content\/uploads\/2022\/01\/luft-icon.png\" alt=\"\/wp-content\/uploads\/2022\/01\/luft-icon.png\">\r\n        <\/a>\r\n        <a lang=\"hu\" class=\"hu\" data-info=\"Flotta\u00adkezel\u00e9s\" href=\"\/en\/szolgaltatasok\/flottakezeles\/\" target=\"_self\">\r\n            <img decoding=\"async\" src=\"\/wp-content\/uploads\/2022\/01\/luft-icon.png\" alt=\"\/wp-content\/uploads\/2022\/01\/luft-icon.png\">\r\n        <\/a>\r\n    <\/span><\/div><\/div><\/div><\/div><\/div><\/div><\/div><\/aside>\n\n<section class=\"ls     fejlec-cimsor\"\n         id=\"belso-lista\"\n\t\t\t>\n\t<h6 class=\"d-none\">Bels\u0151 oldal f\u0151c\u00edm sor<\/h6>\n\t\t<div class=\"container\">\n\t\t<div class=\"row\">\n\t\t\t<div class=\"col-xs-12 col-12\" >\n\t\t<h1 class=\"special-heading text-left\">\n\t\t<span class=\"\">\n\t\tData of public interest\t<\/span>\n\t<\/h1>\n<p><a href=\"..\/\">HOME<\/a> <span class=\"elv\">\/<\/span> <a href=\"\/en\/bemutatkozas\/\">Introduction<\/a> <span class=\"elv\">\/<\/span> <em>Data of public interest<\/em><\/p><ul class=\"psubmen\"><li><a href=\"\/en\/bemutatkozas\/\">Introduction<\/a> <em>\/<\/em> <a href=\"\/en\/bemutatkozas\/about-us\/\">About us<\/a><\/li><li><a href=\"\/en\/bemutatkozas\/szervezeti-felepites\/\">Organizational structure<\/a><\/li><li><em>Data of public interest<\/em><\/li><li><a href=\"\/en\/sajtoszoba\/\">Press room<\/a><\/li><li><a href=\"\/en\/kapcsolat\/\">CONTACT US<\/a><\/li><\/ul><\/div><!-- .col-* -->\n\t\t<\/div>\n\n\t<\/div>\n<\/section>\n\n<section class=\"ls     nyitoblokk-hosszuszoveg-balikon is\"\n         id=\"fbl_1\"\n\t\t\t>\n\t<h6 class=\"d-none\">Tartalom<\/h6>\n\t\t<div class=\"container\">\n\t\t<div class=\"row\">\n\t\t\t<div class=\"col-xs-12 col-12 col-lg-9 nyitoblokk-tartalom nosp\" >\n\t<ul id=\"tis\" class=\"letli\"><li><h3>A) \u00c1LTAL\u00c1NOS K\u00d6ZZ\u00c9T\u00c9TELI LISTA<\/h3><p>Az inform\u00e1ci\u00f3s \u00f6nrendelkez\u00e9si jogr\u00f3l \u00e9s az inform\u00e1ci\u00f3szabads\u00e1gr\u00f3l sz\u00f3l\u00f3 2011. \u00e9vi CXII. t\u00f6rv\u00e9ny alapj\u00e1n<\/p><p class=\"kibo\"><a class=\"fly\" href=\"#toggle1\">B\u0151vebben<\/a><\/p><ul id=\"toggle1\" class=\"op1\"><li><h4>I. Szervezeti, szem\u00e9lyzeti adatok<\/h4><p class=\"kibo\"><a class=\"fly\">B\u0151vebben<\/a><\/p><ul class=\"op2\"><li><h5>I. 1. Kapcsolat, el\u00e9rhet\u0151s\u00e9g<\/h5><p class=\"kibo\"><a class=\"fly\">B\u0151vebben<\/a><\/p><ul class=\"op3\"><li><h6>I. 1. A k\u00f6zfeladatot ell\u00e1t\u00f3 szerv hivatalos neve, sz\u00e9khelye, postai c\u00edme, telefon- \u00e9s telefaxsz\u00e1ma, elektronikus lev\u00e9lc\u00edme, honlapja, \u00fcgyf\u00e9lszolg\u00e1lat\u00e1nak el\u00e9rhet\u0151s\u00e9gei<\/h6><p>Hivatalos n\u00e9v: HM Elektronikai, Logisztikai \u00e9s Vagyonkezel\u0151 Z\u00e1rtk\u00f6r\u0171en M\u0171k\u00f6d\u0151 R\u00e9szv\u00e9nyt\u00e1rsas\u00e1g<br \/>Sz\u00e9khely: 1101 Budapest, Salg\u00f3tarj\u00e1ni \u00fat 20.<br \/>Postac\u00edm: 1581 Budapest Pf. 6.<br \/>Telefon: +36 1 431 2900<br \/>Fax: +36 1 275 0972<br \/>K\u00f6zponti elektronikus lev\u00e9lc\u00edm: hmei@hmei.hu<br \/>A honlap URL-je: hmei.hu<\/li><\/ul><\/li><li><h5>I. 2. Szervezeti fel\u00e9p\u00edt\u00e9s<\/h5><p class=\"kibo\"><a class=\"fly\">B\u0151vebben<\/a><\/p><ul class=\"op3\"><li><h6>I. 2. A k\u00f6zfeladatot ell\u00e1t\u00f3 szerv szervezeti fel\u00e9p\u00edt\u00e9se szervezeti egys\u00e9gek megjel\u00f6l\u00e9s\u00e9vel, az egyes szervezeti egys\u00e9gek feladatai<\/h6><p>Szervezeti strukt\u00fara \u00e1br\u00e1ja<\/p><p><a class=\"dl_pdf\" href=\"\/wp-content\/uploads\/2026\/01\/a_I_2_SZMSZ_szervezeti_abra_20251106.pdf\" target=\"_blank\" rel=\"noopener\"><strong>Let\u00f6lt\u00e9s<\/strong> (PDF)<\/a><\/p><p>A f\u0151bb szervezeti egys\u00e9gek feladatai, amelyek k\u00fcls\u0151 szolg\u00e1ltat\u00e1st is v\u00e9geznek:<\/p><p><a class=\"dl_pdf\" href=\"\/wp-content\/uploads\/2022\/02\/a_i_2_kulso-szolgaltatast-vegzo-szervezeti-egysegek-feladatai_20220224.pdf\" target=\"_blank\" rel=\"noopener\"><strong>Let\u00f6lt\u00e9s<\/strong> (PDF)<\/a><\/li><\/ul><\/li><li><h5>I. 3. A szerv vezet\u0151i<\/h5><p class=\"kibo\"><a class=\"fly\">B\u0151vebben<\/a><\/p><ul class=\"op3\"><li><h6>I. 3. A k\u00f6zfeladatot ell\u00e1t\u00f3 szerv vezet\u0151inek \u00e9s az egyes szervezeti egys\u00e9gek vezet\u0151inek neve, beoszt\u00e1sa, el\u00e9rhet\u0151s\u00e9ge (telefon- \u00e9s telefaxsz\u00e1ma, elektronikus lev\u00e9lc\u00edme)<\/h6><p><a class=\"dl_pdf\" href=\"\/wp-content\/uploads\/2025\/06\/A_I_3-2025-06-18.pdf\" target=\"_blank\" rel=\"noopener\"><strong>Let\u00f6lt\u00e9s<\/strong> (PDF)2025.02.25<\/a><\/li><\/ul><\/li><li><h5>I. 4. \u00dcgyf\u00e9lszolg\u00e1lati adatok<\/h5><p class=\"kibo\"><a class=\"fly\">B\u0151vebben<\/a><\/p><ul class=\"op3\"><li><h6>I. 4. A szervezeten bel\u00fcl illet\u00e9kes \u00fcgyf\u00e9lkapcsolati vezet\u0151 neve, el\u00e9rhet\u0151s\u00e9ge (telefon- \u00e9s telefaxsz\u00e1ma, elektronikus lev\u00e9lc\u00edme) \u00e9s az \u00fcgyf\u00e9lfogad\u00e1si rend<\/h6><p>A HM EI Zrt. eset\u00e9ben nincs ilyen adat.<\/li><\/ul><\/li><li><h5>I. 5. Test\u00fcleti szerv adatok<\/h5><p class=\"kibo\"><a class=\"fly\">B\u0151vebben<\/a><\/p><ul class=\"op3\"><li><h6>I. 5. Test\u00fcleti szerv eset\u00e9n a test\u00fclet l\u00e9tsz\u00e1ma, \u00f6sszet\u00e9tele, tagjainak neve, beoszt\u00e1sa, el\u00e9rhet\u0151s\u00e9ge<\/h6><p>A HM EI Zrt. eset\u00e9ben nincs ilyen adat.<\/li><\/ul><\/li><li><h5>I. 6. Ir\u00e1ny\u00edtott szervek<\/h5><p class=\"kibo\"><a class=\"fly\">B\u0151vebben<\/a><\/p><ul class=\"op3\"><li><h6>I. 6. A k\u00f6zfeladatot ell\u00e1t\u00f3 szerv ir\u00e1ny\u00edt\u00e1sa, fel\u00fcgyelete vagy ellen\u0151rz\u00e9se alatt \u00e1ll\u00f3, vagy al\u00e1rendelts\u00e9g\u00e9ben m\u0171k\u00f6d\u0151 m\u00e1s k\u00f6zfeladatot ell\u00e1t\u00f3 szervek megnevez\u00e9se, \u00e9s 1. pontban meghat\u00e1rozott adatai<\/h6><p>A HM EI Zrt. eset\u00e9ben nincs ilyen adat.<\/li><\/ul><\/li><li><h5>I. 7. Gazdas\u00e1gi t\u00e1rsas\u00e1gok<\/h5><p class=\"kibo\"><a class=\"fly\">B\u0151vebben<\/a><\/p><ul class=\"op3\"><li><h6>I. 7. A k\u00f6zfeladatot ell\u00e1t\u00f3 szerv t\u00f6bbs\u00e9gi tulajdon\u00e1ban \u00e1ll\u00f3, illetve r\u00e9szv\u00e9tel\u00e9vel m\u0171k\u00f6d\u0151 gazd\u00e1lkod\u00f3 szervezet neve, sz\u00e9khelye, el\u00e9rhet\u0151s\u00e9ge (postai c\u00edme, telefon- \u00e9s telefaxsz\u00e1ma, elektronikus lev\u00e9lc\u00edme), tev\u00e9kenys\u00e9gi k\u00f6re, k\u00e9pvisel\u0151j\u00e9nek neve, a k\u00f6zfeladatot ell\u00e1t\u00f3 szerv r\u00e9szesed\u00e9s\u00e9nek m\u00e9rt\u00e9ke<\/h6><p><a class=\"dl_pdf\" href=\"\/wp-content\/uploads\/2025\/08\/A_I_7_Gazdasagi-tarsasag_20250826.pdf\" target=\"_blank\" rel=\"noopener\"><strong>Let\u00f6lt\u00e9s 2025.08.26<\/strong> (PDF)<\/a><\/p><p class=\"kibo\"><a class=\"fly arch\">Arch\u00edvum megnyit\u00e1s<\/a><\/p><ul class=\"op3 ularch\"><li><a class=\"dl_pdf\" href=\"\/wp-content\/uploads\/2025\/01\/a_I_7_gazdasagi-tarsasag_20230901.pdf\" target=\"_blank\" rel=\"noopener\"><strong>Arch\u00edvum (let\u00f6lt\u00e9s) 2025.08.26<\/strong> (PDF)<\/a><\/li><\/ul><\/li><\/ul><\/li><li><h5>I. 8. K\u00f6zalap\u00edtv\u00e1nyok<\/h5><p class=\"kibo\"><a class=\"fly\">B\u0151vebben<\/a><\/p><ul class=\"op3\"><li><h6>I. 8. A k\u00f6zfeladatot ell\u00e1t\u00f3 szerv \u00e1ltal alap\u00edtott k\u00f6zalap\u00edtv\u00e1nyok neve, sz\u00e9khelye, el\u00e9rhet\u0151s\u00e9ge (postai c\u00edme, telefon- \u00e9s telefaxsz\u00e1ma, elektronikus lev\u00e9lc\u00edme), alap\u00edt\u00f3 okirata, kezel\u0151 szerv\u00e9nek tagjai<\/h6><p>A HM EI Zrt. eset\u00e9ben nincs ilyen adat.<\/li><\/ul><\/li><li><h5>I. 9. Alap\u00edtott szervek<\/h5><p class=\"kibo\"><a class=\"fly\">B\u0151vebben<\/a><\/p><ul class=\"op3\"><li><h6>I. 9. A k\u00f6zfeladatot ell\u00e1t\u00f3 szerv \u00e1ltal alap\u00edtott k\u00f6lts\u00e9gvet\u00e9si szerv neve, sz\u00e9khelye, a k\u00f6lts\u00e9gvet\u00e9si szervet alap\u00edt\u00f3 jogszab\u00e1ly megjel\u00f6l\u00e9se, illetve az azt alap\u00edt\u00f3 hat\u00e1rozat, a k\u00f6lts\u00e9gvet\u00e9si szerv alap\u00edt\u00f3 okirata, vezet\u0151je, honlapj\u00e1nak el\u00e9rhet\u0151s\u00e9ge, m\u0171k\u00f6d\u00e9si enged\u00e9lye<\/h6><p>A HM EI Zrt. eset\u00e9ben nincs ilyen adat.<\/li><\/ul><\/li><li><h5>I. 10. Lapok<\/h5><p class=\"kibo\"><a class=\"fly\">B\u0151vebben<\/a><\/p><ul class=\"op3\"><li><h6>I. 10. A k\u00f6zfeladatot ell\u00e1t\u00f3 szerv \u00e1ltal alap\u00edtott lapok neve, a szerkeszt\u0151s\u00e9g \u00e9s kiad\u00f3 neve \u00e9s c\u00edme, valamint a f\u0151szerkeszt\u0151 neve<\/h6><p>A HM EI Zrt. eset\u00e9ben nincs ilyen adat.<\/li><\/ul><\/li><li><h5>I. 11. Felettes, fel\u00fcgyeleti, t\u00f6rv\u00e9nyess\u00e9gi ellen\u0151rz\u00e9st gyakorl\u00f3 szervek<\/h5><p class=\"kibo\"><a class=\"fly\">B\u0151vebben<\/a><\/p><ul class=\"op3\"><li><h6>I. 11. A k\u00f6zfeladatot ell\u00e1t\u00f3 szerv felettes, illetve fel\u00fcgyeleti szerv\u00e9nek, hat\u00f3s\u00e1gi d\u00f6nt\u00e9sei tekintet\u00e9ben a fellebbez\u00e9s elb\u00edr\u00e1l\u00e1s\u00e1ra jogosult szervnek, ennek hi\u00e1ny\u00e1ban a k\u00f6zfeladatot ell\u00e1t\u00f3 szerv felett t\u00f6rv\u00e9nyess\u00e9gi ellen\u0151rz\u00e9st gyakorl\u00f3 szervnek az 1. pontban meghat\u00e1rozott adatai<\/h6><p><a class=\"dl_pdf\" href=\"\/wp-content\/uploads\/2022\/06\/A_I_11_Felettes_felugyeleti_torv_ell_gyak_szerv_20220530.pdf\" target=\"_blank\" rel=\"noopener\"><strong>Let\u00f6lt\u00e9s<\/strong> (PDF)<\/a><\/li><\/ul><\/li><\/ul><\/li><li><h4>II. Tev\u00e9kenys\u00e9gre, m\u0171k\u00f6d\u00e9sre vonatkoz\u00f3 adatok<\/h4><p class=\"kibo\"><a class=\"fly\">B\u0151vebben<\/a><\/p><ul class=\"op2\"><li><h5>II. 1. A szerv alaptev\u00e9kenys\u00e9ge, feladat- \u00e9s hat\u00e1sk\u00f6re<\/h5><p class=\"kibo\"><a class=\"fly\">B\u0151vebben<\/a><\/p><ul class=\"op3\"><li><h6>II. 1. A k\u00f6zfeladatot ell\u00e1t\u00f3 szerv feladat\u00e1t, hat\u00e1sk\u00f6r\u00e9t \u00e9s alaptev\u00e9kenys\u00e9g\u00e9t meghat\u00e1roz\u00f3, a szervre vonatkoz\u00f3 alapvet\u0151 jogszab\u00e1lyok, k\u00f6zjogi szervezetszab\u00e1lyoz\u00f3 eszk\u00f6z\u00f6k, valamint a szervezeti \u00e9s m\u0171k\u00f6d\u00e9si szab\u00e1lyzat vagy \u00fcgyrend, az adatv\u00e9delmi \u00e9s adatbiztons\u00e1gi szab\u00e1lyzat hat\u00e1lyos \u00e9s teljes sz\u00f6vege<\/h6><p>A t\u00e1rsas\u00e1g tev\u00e9kenys\u00e9g\u00e9t meghat\u00e1roz\u00f3 alapvet\u0151 jogszab\u00e1lyok <a class=\"dl_pdf\" href=\"\/wp-content\/uploads\/2026\/01\/a_II_1_Jogszabalyjegyzek_20250509.pdf\" target=\"_blank\" rel=\"noopener\"><strong>Let\u00f6lt\u00e9s<\/strong> (PDF)<\/a><\/p><p>A Szervezeti \u00e9s M\u0171k\u00f6d\u00e9si Szab\u00e1lyzat (SZMSZ) v\u00e1llalatir\u00e1ny\u00edt\u00e1st, tev\u00e9kenys\u00e9get, m\u0171k\u00f6d\u00e9st le\u00edr\u00f3 kivonata<\/p><p><a class=\"dl_pdf\" href=\"\/wp-content\/uploads\/2026\/01\/a_II_1_SZMSZ_kivonat_20251106.pdf\" target=\"_blank\" rel=\"noopener\"><strong>Let\u00f6lt\u00e9s<\/strong> (PDF)<\/a><\/p><p>Adatv\u00e9delmi \u00e9s adatbiztons\u00e1gi szab\u00e1lyzat<\/p><p><a class=\"dl_pdf\" href=\"\/wp-content\/uploads\/2023\/03\/A_II_1_Adatvedelmi_es_Adatbizt_Szabalyzat_20180525.pdf\" target=\"_blank\" rel=\"noopener\"><strong>Let\u00f6lt\u00e9s<\/strong> (PDF)<\/a><\/p><p class=\"kibo\"><a class=\"fly arch\">Arch\u00edvum megnyit\u00e1s<\/a><\/p><ul class=\"op3 ularch\"><li>Szervezeti \u00e9s M\u0171k\u00f6d\u00e9si Szab\u00e1lyzat (SZMSZ)<a class=\"dl_pdf\" href=\"\/wp-content\/uploads\/2024\/01\/a_II-1_szmszkivonat_20231219.pdf\" target=\"_blank\" rel=\"noopener\"><strong>2024.07.10.<\/strong> (PDF)<\/a><\/li><li>Szervezeti \u00e9s M\u0171k\u00f6d\u00e9si Szab\u00e1lyzat (SZMSZ)<a class=\"dl_pdf\" href=\"\/wp-content\/uploads\/2024\/07\/a_II_1_SZMSZ_kivonat_20240708.pdf\" target=\"_blank\" rel=\"noopener\"><strong>2025.01.14.<\/strong> (PDF)<\/a><\/li><li>Szervezeti \u00e9s M\u0171k\u00f6d\u00e9si Szab\u00e1lyzat (SZMSZ)<a class=\"dl_pdf\" href=\"\/wp-content\/uploads\/2025\/01\/a_II_1_SZMSZ_kivonat_20241218.pdf\" target=\"_blank\" rel=\"noopener\"><strong>2025.12.19.<\/strong> (PDF)<\/a><\/li><li>Szervezeti \u00e9s M\u0171k\u00f6d\u00e9si Szab\u00e1lyzat (SZMSZ)<a class=\"dl_pdf\" href=\"\/wp-content\/uploads\/2025\/04\/a_II_1_SZMSZ_kivonat_20250328.pdf\" target=\"_blank\" rel=\"noopener\"><strong>2025.11.06.<\/strong> (PDF)<\/a><\/li><li>A t\u00e1rsas\u00e1g tev\u00e9kenys\u00e9g\u00e9t meghat\u00e1roz\u00f3 alapvet\u0151 jogszab\u00e1lyok<a class=\"dl_pdf\" href=\"\/wp-content\/uploads\/2022\/02\/a_ii_1_jogszabalyok_20210722.pdf\" target=\"_blank\" rel=\"noopener\"><strong>2024.07.10.<\/strong> (PDF)<\/a><\/li><li>A t\u00e1rsas\u00e1g tev\u00e9kenys\u00e9g\u00e9t meghat\u00e1roz\u00f3 alapvet\u0151 jogszab\u00e1lyok<a class=\"dl_pdf\" href=\"\/wp-content\/uploads\/2024\/07\/a_II_1_jogszabalyjegyzek_20240531.pdf\" target=\"_blank\" rel=\"noopener\"><strong>2025.05.09.<\/strong> (PDF)<\/a><\/li><\/ul><\/li><\/ul><\/li><li><h5>II. 2. Tev\u00e9kenys\u00e9g t\u00e1j\u00e9koztat\u00f3<\/h5><p class=\"kibo\"><a class=\"fly\">B\u0151vebben<\/a><\/p><ul class=\"op3\"><li><h6>II. 2. Az orsz\u00e1gos illet\u00e9kess\u00e9g\u0171 szervek, valamint a f\u0151v\u00e1rosi \u00e9s megyei korm\u00e1nyhivatal eset\u00e9ben a k\u00f6zfeladatot ell\u00e1t\u00f3 szerv feladat\u00e1r\u00f3l, tev\u00e9kenys\u00e9g\u00e9r\u0151l sz\u00f3l\u00f3 t\u00e1j\u00e9koztat\u00f3 magyar \u00e9s angol nyelven<\/h6><p>A HM EI Zrt. eset\u00e9ben nincs ilyen adat.<\/li><\/ul><\/li><li><h5>II. 3. Helyi \u00f6nkorm\u00e1nyzat feladatai<\/h5><p class=\"kibo\"><a class=\"fly\">B\u0151vebben<\/a><\/p><ul class=\"op3\"><li><h6>II. 3. A helyi \u00f6nkorm\u00e1nyzat \u00f6nk\u00e9nt v\u00e1llalt feladatai<\/h6><p>A HM EI Zrt. eset\u00e9ben nincs ilyen adat.<\/li><\/ul><\/li><li><h5>II. 4. Hat\u00f3s\u00e1gi \u00fcgyek int\u00e9z\u00e9s\u00e9nek rendje<\/h5><p class=\"kibo\"><a class=\"fly\">B\u0151vebben<\/a><\/p><ul class=\"op3\"><li><h6>II. 4. \u00c1llamigazgat\u00e1si, \u00f6nkorm\u00e1nyzati, \u00e9s egy\u00e9b hat\u00f3s\u00e1gi \u00fcgyekben \u00fcgyfajt\u00e1nk\u00e9nt \u00e9s elj\u00e1r\u00e1st\u00edpusonk\u00e9nt a hat\u00e1sk\u00f6rrel rendelkez\u0151 szerv megnevez\u00e9se, hat\u00e1sk\u00f6r gyakorl\u00e1s\u00e1nak \u00e1truh\u00e1z\u00e1sa eset\u00e9n a t\u00e9nylegesen elj\u00e1r\u00f3 szerv megnevez\u00e9se, illet\u00e9kess\u00e9gi ter\u00fclete, az \u00fcgyint\u00e9z\u00e9shez sz\u00fcks\u00e9ges dokumentumok, okm\u00e1nyok, elj\u00e1r\u00e1si illet\u00e9kek (igazgat\u00e1si szolg\u00e1ltat\u00e1si d\u00edjak) meghat\u00e1roz\u00e1sa, alapvet\u0151 elj\u00e1r\u00e1si szab\u00e1lyok, az elj\u00e1r\u00e1st megind\u00edt\u00f3 irat beny\u00fajt\u00e1s\u00e1nak m\u00f3dja (helye, ideje), \u00fcgyf\u00e9lfogad\u00e1s ideje, az \u00fcgyint\u00e9z\u00e9s hat\u00e1rideje (elint\u00e9z\u00e9si, fellebbez\u00e9si hat\u00e1rid\u0151), az \u00fcgyek int\u00e9z\u00e9s\u00e9t seg\u00edt\u0151 \u00fatmutat\u00f3k, az \u00fcgymenetre vonatkoz\u00f3 t\u00e1j\u00e9koztat\u00e1s \u00e9s az \u00fcgyint\u00e9z\u00e9shez haszn\u00e1lt let\u00f6lthet\u0151 formanyomtatv\u00e1nyok, az ig\u00e9nybe vehet\u0151 elektronikus programok el\u00e9r\u00e9se, id\u0151pontfoglal\u00e1s, az \u00fcgyt\u00edpusokhoz kapcsol\u00f3d\u00f3 jogszab\u00e1lyok jegyz\u00e9ke, t\u00e1j\u00e9koztat\u00e1s az \u00fcgyfelet megillet\u0151 jogokr\u00f3l \u00e9s az \u00fcgyfelet terhel\u0151 k\u00f6telezetts\u00e9gekr\u0151l<\/h6><p>A HM EI Zrt. eset\u00e9ben nincs ilyen adat.<\/li><\/ul><\/li><li><h5>II. 5. K\u00f6zszolg\u00e1ltat\u00e1sok<\/h5><p class=\"kibo\"><a class=\"fly\">B\u0151vebben<\/a><\/p><ul class=\"op3\"><li><h6>II. 5. A k\u00f6zfeladatot ell\u00e1t\u00f3 szerv \u00e1ltal ny\u00fajtott vagy k\u00f6lts\u00e9gvet\u00e9s\u00e9b\u0151l finansz\u00edrozott k\u00f6zszolg\u00e1ltat\u00e1sok megnevez\u00e9se, tartalma, a k\u00f6zszolg\u00e1ltat\u00e1sok ig\u00e9nybev\u00e9tel\u00e9nek rendje, a k\u00f6zszolg\u00e1ltat\u00e1s\u00e9rt fizetend\u0151 d\u00edj m\u00e9rt\u00e9ke, az abb\u00f3l adott kedvezm\u00e9nyek<\/h6><p>A HM EI Zrt. eset\u00e9ben nincs ilyen adat.<\/li><\/ul><\/li><li><h5>II. 6. A szerv nyilv\u00e1ntart\u00e1sai<\/h5><p class=\"kibo\"><a class=\"fly\">B\u0151vebben<\/a><\/p><ul class=\"op3\"><li><h6>II. 6. A k\u00f6zfeladatot ell\u00e1t\u00f3 szerv \u00e1ltal fenntartott adatb\u00e1zisok, illetve nyilv\u00e1ntart\u00e1sok le\u00edr\u00f3 adatai (n\u00e9v, form\u00e1tum, az adatkezel\u00e9s c\u00e9lja, jogalapja, id\u0151tartama, az \u00e9rintettek k\u00f6re, az adatok forr\u00e1sa, k\u00e9rd\u0151\u00edves adatfelv\u00e9tel eset\u00e9n a kit\u00f6ltend\u0151 k\u00e9rd\u0151\u00edv), az adatv\u00e9delmi nyilv\u00e1ntart\u00e1sba bejelentend\u0151 nyilv\u00e1ntart\u00e1soknak az e t\u00f6rv\u00e9ny szerinti azonos\u00edt\u00f3 adatai; a k\u00f6zfeladatot ell\u00e1t\u00f3 szerv \u00e1ltal - alaptev\u00e9kenys\u00e9ge keret\u00e9ben - gy\u0171jt\u00f6tt \u00e9s feldolgozott adatok fajt\u00e1i, a hozz\u00e1f\u00e9r\u00e9s m\u00f3dja, a m\u00e1solatk\u00e9sz\u00edt\u00e9s k\u00f6lts\u00e9gei<\/h6><p>A HM EI Zrt. eset\u00e9ben nincs ilyen adat.<\/li><\/ul><\/li><li><h5>II. 7. Nyilv\u00e1nos kiadv\u00e1nyok<\/h5><p class=\"kibo\"><a class=\"fly\">B\u0151vebben<\/a><\/p><ul class=\"op3\"><li><h6>II. 7. A k\u00f6zfeladatot ell\u00e1t\u00f3 szerv nyilv\u00e1nos kiadv\u00e1nyainak c\u00edme, t\u00e9m\u00e1ja, a hozz\u00e1f\u00e9r\u00e9s m\u00f3dja, a kiadv\u00e1ny ingyeness\u00e9ge, illetve a k\u00f6lts\u00e9gt\u00e9r\u00edt\u00e9s m\u00e9rt\u00e9ke<\/h6><p><a class=\"dl_pdf\" href=\"\/wp-content\/uploads\/2026\/02\/a_II_7_nyilvanos_kiadvany_20260226.pdf\" target=\"_blank\" rel=\"noopener\"><strong>Let\u00f6lt\u00e9s<\/strong> (PDF)<\/a><\/p><p class=\"kibo\"><a class=\"fly arch\">Arch\u00edvum megnyit\u00e1s<\/a><\/p><ul class=\"op3 ularch\"><li><a class=\"dl_pdf\" href=\"\/wp-content\/uploads\/2025\/05\/a_II_7_nyilvanos_kiadvany_20250320.pdf\" target=\"_blank\" rel=\"noopener\"><strong>Arch\u00edvum 2025.05.23 (let\u00f6lt\u00e9s)<\/strong> (PDF)<\/a><br \/><a class=\"dl_pdf\" href=\"\/wp-content\/uploads\/2025\/05\/a_II_7_nyilvanos_kiadvany_20241205.pdf\" target=\"_blank\" rel=\"noopener\"><strong>Arch\u00edvum 2025.05.23 (let\u00f6lt\u00e9s)<\/strong> (PDF)<\/a><br \/><a class=\"dl_pdf\" href=\"\/wp-content\/uploads\/2025\/05\/a_II_7_nyilvanos_kiadvany_20240723.pdf\" target=\"_blank\" rel=\"noopener\"><strong>Arch\u00edvum 2025.05.23 (let\u00f6lt\u00e9s)<\/strong> (PDF)<\/a><br \/><a class=\"dl_pdf\" href=\"\/wp-content\/uploads\/2025\/05\/a_II_7_nyilvanos_kiadvany_20240430.pdf\" target=\"_blank\" rel=\"noopener\"><strong>Arch\u00edvum 2025.05.23 (let\u00f6lt\u00e9s)<\/strong> (PDF)<\/a><br \/><a class=\"dl_pdf\" href=\"\/wp-content\/uploads\/2025\/05\/a_II_7_nyilvanos_kiadvany_20250523.pdf\" target=\"_blank\" rel=\"noopener\"><strong>Arch\u00edvum 2026.01.12 (let\u00f6lt\u00e9s)<\/strong> (PDF)<\/a><br \/><a class=\"dl_pdf\" href=\"\/wp-content\/uploads\/2026\/01\/a_II_7_nyilvanos_kiadvany_20260112.pdf\" target=\"_blank\" rel=\"noopener\"><strong>Arch\u00edvum 2026.02.26 (let\u00f6lt\u00e9s)<\/strong> (PDF)<\/a><\/li><\/ul><\/li><\/ul><\/li><li><h5>II. 8. Test\u00fcleti szerv d\u00f6nt\u00e9shozatal, \u00fcl\u00e9sek<\/h5><p class=\"kibo\"><a class=\"fly\">B\u0151vebben<\/a><\/p><ul class=\"op2\"><li><h6>II. 8. A test\u00fcleti szerv d\u00f6nt\u00e9sei el\u0151k\u00e9sz\u00edt\u00e9s\u00e9nek rendje, az \u00e1llampolg\u00e1ri k\u00f6zrem\u0171k\u00f6d\u00e9s (v\u00e9lem\u00e9nyez\u00e9s) m\u00f3dja, elj\u00e1r\u00e1si szab\u00e1lyai, a test\u00fcleti szerv \u00fcl\u00e9seinek helye, ideje, tov\u00e1bb\u00e1 nyilv\u00e1noss\u00e1ga, d\u00f6nt\u00e9sei, \u00fcl\u00e9s\u00e9nek jegyz\u0151k\u00f6nyvei, illetve \u00f6sszefoglal\u00f3i; a test\u00fcleti szerv szavaz\u00e1s\u00e1nak adatai, ha ezt jogszab\u00e1ly nem korl\u00e1tozza<\/h6><p>A HM EI Zrt. eset\u00e9ben nincs ilyen adat.<\/li><\/ul><\/li><li><h5>II. 9. A szerv d\u00f6nt\u00e9sei, koncepci\u00f3k, tervezetek, javaslatok<\/h5><p class=\"kibo\"><a class=\"fly\">B\u0151vebben<\/a><\/p><ul class=\"op2\"><li><h6>II. 9. A t\u00f6rv\u00e9ny alapj\u00e1n k\u00f6zz\u00e9teend\u0151 jogszab\u00e1lytervezetek \u00e9s kapcsol\u00f3d\u00f3 dokumentumok; a helyi \u00f6nkorm\u00e1nyzat k\u00e9pvisel\u0151-test\u00fclet\u00e9nek nyilv\u00e1nos \u00fcl\u00e9s\u00e9re beny\u00fajtott el\u0151terjeszt\u00e9sek a beny\u00fajt\u00e1s id\u0151pontj\u00e1t\u00f3l<\/h6><p>A HM EI Zrt. eset\u00e9ben nincs ilyen adat.<\/li><\/ul><\/li><li><h5>II. 10. Hirdetm\u00e9nyek<\/h5><p class=\"kibo\"><a class=\"fly\">B\u0151vebben<\/a><\/p><ul class=\"op2\"><li><h6>II. 10. A k\u00f6zfeladatot ell\u00e1t\u00f3 szerv \u00e1ltal k\u00f6zz\u00e9tett hirdetm\u00e9nyek, k\u00f6zlem\u00e9nyek<\/h6><p>A HM EI Zrt. eset\u00e9ben nincs ilyen adat.<\/li><\/ul><\/li><li><h5>II. 11. P\u00e1ly\u00e1zatok<\/h5><p class=\"kibo\"><a class=\"fly\">B\u0151vebben<\/a><\/p><ul class=\"op2\"><li><h6>II. 11. A k\u00f6zfeladatot ell\u00e1t\u00f3 szerv \u00e1ltal ki\u00edrt p\u00e1ly\u00e1zatok szakmai le\u00edr\u00e1sa, azok eredm\u00e9nyei \u00e9s indokol\u00e1suk<\/h6><p>A HM EI Zrt. eset\u00e9ben nincs ilyen adat.<\/li><\/ul><\/li><li><h5>II. 12. Alaptev\u00e9kenys\u00e9ggel kapcsolatos vizsg\u00e1latok<\/h5><p class=\"kibo\"><a class=\"fly\">B\u0151vebben<\/a><\/p><ul class=\"op2\"><li><h6>II. 12. A k\u00f6zfeladatot ell\u00e1t\u00f3 szervn\u00e9l v\u00e9gzett alaptev\u00e9kenys\u00e9ggel kapcsolatos vizsg\u00e1latok, ellen\u0151rz\u00e9sek nyilv\u00e1nos meg\u00e1llap\u00edt\u00e1sai<\/h6><p>A HM EI Zrt. eset\u00e9ben nincs ilyen adat.<\/li><\/ul><\/li><li><h5>II. 13. K\u00f6z\u00e9rdek\u0171 adatok ig\u00e9nyl\u00e9s\u00e9nek rendje<\/h5><p class=\"kibo\"><a class=\"fly\">B\u0151vebben<\/a><\/p><ul class=\"op2\"><li><h6>II. 13. A k\u00f6z\u00e9rdek\u0171 adatok megismer\u00e9s\u00e9re ir\u00e1nyul\u00f3 ig\u00e9nyek int\u00e9z\u00e9s\u00e9nek rendje, az illet\u00e9kes szervezeti egys\u00e9g neve, el\u00e9rhet\u0151s\u00e9ge, az inform\u00e1ci\u00f3s jogokkal foglalkoz\u00f3 szem\u00e9ly neve<\/h6><p><a class=\"dl_pdf\" href=\"\/wp-content\/uploads\/2025\/08\/A_II_13_kozerdeku-adatok-egyedi-igenylesenek-rendjerol_20250211.pdf\" target=\"_blank\" rel=\"noopener\"><strong>Let\u00f6lt\u00e9s<\/strong> (PDF)<\/a><\/li><\/ul><\/li><li><h5>II. 14. Statisztik\u00e1k jogszab\u00e1ly alapj\u00e1n<\/h5><p class=\"kibo\"><a class=\"fly\">B\u0151vebben<\/a><\/p><ul class=\"op2\"><li><h6>II. 14. A k\u00f6zfeladatot ell\u00e1t\u00f3 szerv tev\u00e9kenys\u00e9g\u00e9re vonatkoz\u00f3, jogszab\u00e1lyon alapul\u00f3 statisztikai adatgy\u0171jt\u00e9s eredm\u00e9nyei, id\u0151beli v\u00e1ltoz\u00e1suk<\/h6><p>A HM EI Zrt. eset\u00e9ben nincs ilyen adat.<\/li><\/ul><\/li><li><h5>II. 15. Statisztik\u00e1k k\u00f6z\u00e9rdek\u0171 adatokr\u00f3l<\/h5><p class=\"kibo\"><a class=\"fly\">B\u0151vebben<\/a><\/p><ul class=\"op2\"><li><h6>II. 15. A k\u00f6z\u00e9rdek\u0171 adatokkal kapcsolatos k\u00f6telez\u0151 statisztikai adatszolg\u00e1ltat\u00e1s adott szervre vonatkoz\u00f3 adatai<\/h6><p><a class=\"dl_pdf\" href=\"\/wp-content\/uploads\/2026\/01\/eves_jelentes_2025_ba24919772.pdf\" target=\"_blank\" rel=\"noopener\"><strong>Let\u00f6lt\u00e9s<\/strong> (PDF)<\/a><\/p><p class=\"kibo\"><a class=\"fly arch\">Arch\u00edvum megnyit\u00e1s<\/a><\/p><ul class=\"op3 ularch\"><li>2023. \u00e9vi NAIH jelent\u00e9s, Arch\u00edvumba helyez\u00e9s d\u00e1tuma: 2025. 01. 23<a class=\"dl_pdf\" href=\"\/wp-content\/uploads\/2024\/01\/a_II_15_NAIH_eves_jelentes_20240118-1.pdf\" target=\"_blank\" rel=\"noopener\"><strong>Let\u00f6lt\u00e9s<\/strong> (PDF)<\/a><\/li><li>2024. \u00e9vi NAIH jelent\u00e9s, Arch\u00edvumba helyez\u00e9s d\u00e1tuma: 2026. 01. 12<a class=\"dl_pdf\" href=\"\/wp-content\/uploads\/2025\/01\/eves_jelentes_2024_daab24a00c.pdf\" target=\"_blank\" rel=\"noopener\"><strong>Let\u00f6lt\u00e9s<\/strong> (PDF)<\/a><\/li><\/ul><\/li><\/ul><\/li><li><h5>II. 16. K\u00f6z\u00e9rdek\u0171 adatok hasznos\u00edt\u00e1si szerz\u0151d\u00e9sei<\/h5><p class=\"kibo\"><a class=\"fly\">B\u0151vebben<\/a><\/p><ul class=\"op2\"><li><h6>II. 16. Azon k\u00f6z\u00e9rdek\u0171 adatok hasznos\u00edt\u00e1s\u00e1ra ir\u00e1nyul\u00f3 szerz\u0151d\u00e9sek list\u00e1ja, amelyekben a k\u00f6zfeladatot ell\u00e1t\u00f3 szerv az egyik szerz\u0151d\u0151 f\u00e9l<\/h6><p>A HM EI Zrt. eset\u00e9ben nincs ilyen adat.<\/li><\/ul><\/li><li><h5>II. 17. K\u00f6z\u00e9rdek\u0171 adatok felhaszn\u00e1l\u00e1si felt\u00e9telei<\/h5><p class=\"kibo\"><a class=\"fly\">B\u0151vebben<\/a><\/p><ul class=\"op2\"><li><h6>II. 17. A k\u00f6zfeladatot ell\u00e1t\u00f3 szerv kezel\u00e9s\u00e9ben l\u00e9v\u0151 k\u00f6z\u00e9rdek\u0171 adatok felhaszn\u00e1l\u00e1s\u00e1ra, hasznos\u00edt\u00e1s\u00e1ra vonatkoz\u00f3 \u00e1ltal\u00e1nos szerz\u0151d\u00e9si felt\u00e9telek<\/h6><p>A HM EI Zrt. eset\u00e9ben nincs ilyen adat.<\/li><\/ul><\/li><li><h5>II. 18. K\u00fcl\u00f6n\u00f6s \u00e9s egyedi k\u00f6zz\u00e9t\u00e9teli list\u00e1k<\/h5><p class=\"kibo\"><a class=\"fly\">B\u0151vebben<\/a><\/p><ul class=\"op2\"><li><h6>II. 18. A k\u00f6zfeladatot ell\u00e1t\u00f3 szervre vonatkoz\u00f3 k\u00fcl\u00f6n\u00f6s \u00e9s egyedi k\u00f6zz\u00e9t\u00e9teli lista<\/h6><p>Szerz\u0151d\u00e9sek<\/p><p><a class=\"dl_pdf\" href=\"\/wp-content\/uploads\/2024\/01\/b_3_szerzodesek_2024_01_19.pdf\" target=\"_blank\" rel=\"noopener\"><strong>Let\u00f6lt\u00e9s<\/strong> (PDF)<\/a><\/li><\/ul><\/li><li><h5>II. 19. K\u00f6zadat \u00fajrahasznos\u00edt\u00e1s t\u00e1j\u00e9koztat\u00e1s<\/h5><p class=\"kibo\"><a class=\"fly\">B\u0151vebben<\/a><\/p><ul class=\"op2\"><li><h6>II. 19. A k\u00f6zfeladatot ell\u00e1t\u00f3 szerv kezel\u00e9s\u00e9ben lev\u0151, a k\u00f6zadatok \u00fajrahasznos\u00edt\u00e1s\u00e1r\u00f3l sz\u00f3l\u00f3 t\u00f6rv\u00e9ny szerint \u00fajrahasznos\u00edt\u00e1s c\u00e9lj\u00e1ra el\u00e9rhet\u0151 kultur\u00e1lis k\u00f6zadatok list\u00e1ja a rendelkez\u00e9sre \u00e1ll\u00f3 form\u00e1tumok megjel\u00f6l\u00e9s\u00e9vel, valamint a k\u00f6zfeladatot ell\u00e1t\u00f3 szerv kezel\u00e9s\u00e9ben lev\u0151, a k\u00f6zadatok \u00fajrahasznos\u00edt\u00e1s\u00e1r\u00f3l sz\u00f3l\u00f3 t\u00f6rv\u00e9ny szerint \u00fajrahasznos\u00edthat\u00f3 k\u00f6zadat t\u00edpusokr\u00f3l val\u00f3 t\u00e1j\u00e9koztat\u00e1s, a rendelkez\u00e9sre \u00e1ll\u00f3 form\u00e1tumok megjel\u00f6l\u00e9s\u00e9vel<\/h6><p>A HM EI Zrt. eset\u00e9ben nincs ilyen adat.<\/li><\/ul><\/li><li><h5>II. 20. K\u00f6zadat \u00fajrahasznos\u00edt\u00e1si szerz\u0151d\u00e9si felt\u00e9telek<\/h5><p class=\"kibo\"><a class=\"fly\">B\u0151vebben<\/a><\/p><ul class=\"op2\"><li><h6>II. 20. A 19. sor szerinti k\u00f6zadatok \u00e9s kultur\u00e1lis k\u00f6zadatok \u00fajrahasznos\u00edt\u00e1s\u00e1ra vonatkoz\u00f3 \u00e1ltal\u00e1nos szerz\u0151d\u00e9si felt\u00e9telek elektronikusan szerkeszthet\u0151 v\u00e1ltozata<\/h6><p>A HM EI Zrt. eset\u00e9ben nincs ilyen adat.<\/li><\/ul><\/li><li><h5>II. 21. K\u00f6zadat \u00fajrahasznos\u00edt\u00e1s d\u00edjszab\u00e1s<\/h5><p class=\"kibo\"><a class=\"fly\">B\u0151vebben<\/a><\/p><ul class=\"op2\"><li><h6>II. 21. A 19. sor szerinti k\u00f6zadatok \u00e9s kultur\u00e1lis k\u00f6zadatok \u00fajrahasznos\u00edt\u00e1s c\u00e9lj\u00e1b\u00f3l t\u00f6rt\u00e9n\u0151 rendelkez\u00e9sre bocs\u00e1t\u00e1s\u00e1\u00e9rt fizetend\u0151 d\u00edjak \u00e1ltal\u00e1nos jegyz\u00e9ke, a d\u00edjsz\u00e1m\u00edt\u00e1s alapj\u00e1t k\u00e9pez\u0151 t\u00e9nyez\u0151kkel egy\u00fcttesen<\/h6><p>A HM EI Zrt. eset\u00e9ben nincs ilyen adat.<\/li><\/ul><\/li><li><h5>II. 22. K\u00f6zadat \u00fajrahasznos\u00edt\u00e1si jogorvoslat<\/h5><p class=\"kibo\"><a class=\"fly\">B\u0151vebben<\/a><\/p><ul class=\"op2\"><li><h6>II. 22. A k\u00f6zadatok \u00fajrahasznos\u00edt\u00e1s\u00e1r\u00f3l sz\u00f3l\u00f3 t\u00f6rv\u00e9ny szerinti jogorvoslati t\u00e1j\u00e9koztat\u00e1s<\/h6><p>A HM EI Zrt. eset\u00e9ben nincs ilyen adat.<\/li><\/ul><\/li><li><h5>II. 23. K\u00f6zadat \u00fajrahasznos\u00edt\u00e1si szerz\u0151d\u00e9sek<\/h5><p class=\"kibo\"><a class=\"fly\">B\u0151vebben<\/a><\/p><ul class=\"op2\"><li><h6>II. 23. A k\u00f6zfeladatot ell\u00e1t\u00f3 szerv \u00e1ltal megk\u00f6t\u00f6tt, a k\u00f6zadatok \u00fajrahasznos\u00edt\u00e1s\u00e1r\u00f3l sz\u00f3l\u00f3 t\u00f6rv\u00e9ny szerint k\u00f6t\u00f6tt kiz\u00e1r\u00f3lagos jogot biztos\u00edt\u00f3 meg\u00e1llapod\u00e1sok szerz\u0151d\u0151 feleinek megjel\u00f6l\u00e9se, a kiz\u00e1r\u00f3lagoss\u00e1g id\u0151tartam\u00e1nak, t\u00e1rgy\u00e1nak, valamint a meg\u00e1llapod\u00e1s egy\u00e9b l\u00e9nyeges elemeinek megjel\u00f6l\u00e9se<\/h6><p>A HM EI Zrt. eset\u00e9ben nincs ilyen adat.<\/li><\/ul><\/li><li><h5>II. 24. K\u00f6zadat digitaliz\u00e1l\u00e1si meg\u00e1llapod\u00e1sok<\/h5><p class=\"kibo\"><a class=\"fly\">B\u0151vebben<\/a><\/p><ul class=\"op2\"><li><h6>II. 24. A k\u00f6zfeladatot ell\u00e1t\u00f3 szerv \u00e1ltal k\u00f6t\u00f6tt, a k\u00f6zadatok \u00fajrahasznos\u00edt\u00e1s\u00e1r\u00f3l sz\u00f3l\u00f3 t\u00f6rv\u00e9ny szerint a kultur\u00e1lis k\u00f6zadatok digitaliz\u00e1l\u00e1s\u00e1ra kiz\u00e1r\u00f3lagos jogot biztos\u00edt\u00f3 meg\u00e1llapod\u00e1sok sz\u00f6vege<\/h6><p>A HM EI Zrt. eset\u00e9ben nincs ilyen adat.<\/li><\/ul><\/li><li><h5>II. 25. K\u00f6zadatra vonatkoz\u00f3 szervezeti szab\u00e1lyz\u00f3k<\/h5><p class=\"kibo\"><a class=\"fly\">B\u0151vebben<\/a><\/p><ul class=\"op2\"><li><h6>II. 25. A k\u00f6zadatok \u00fajrahasznos\u00edt\u00e1s\u00e1r\u00f3l sz\u00f3l\u00f3 t\u00f6rv\u00e9ny szerinti azon jogszab\u00e1ly, k\u00f6zjogi szervezetszab\u00e1lyoz\u00f3 eszk\u00f6z, k\u00f6zszolg\u00e1ltat\u00e1si szerz\u0151d\u00e9s vagy m\u00e1s k\u00f6telez\u0151 er\u0151vel b\u00edr\u00f3 dokumentum (vagy az annak el\u00e9rhet\u0151s\u00e9g\u00e9re mutat\u00f3 hivatkoz\u00e1s), amely az \u00fajrahasznos\u00edt\u00e1s c\u00e9lj\u00e1b\u00f3l rendelkez\u00e9sre bocs\u00e1that\u00f3 k\u00f6zadat gy\u0171jt\u00e9s\u00e9vel, el\u0151\u00e1ll\u00edt\u00e1s\u00e1val, feldolgoz\u00e1s\u00e1val \u00e9s terjeszt\u00e9s\u00e9vel \u00f6sszef\u00fcgg\u0151 k\u00f6lts\u00e9gek jelent\u0151s r\u00e9sz\u00e9nek saj\u00e1t bev\u00e9telb\u0151l val\u00f3 fedez\u00e9s\u00e9t \u00edrja el\u0151 a k\u00f6zfeladatot ell\u00e1t\u00f3 szerv r\u00e9sz\u00e9re<\/h6><p>A HM EI Zrt. eset\u00e9ben nincs ilyen adat.<\/li><\/ul><\/li><\/ul><\/li><li><h4>III. Gazd\u00e1lkod\u00e1si adatok<\/h4><p class=\"kibo\"><a class=\"fly\">B\u0151vebben<\/a><\/p><ul class=\"op1\"><li><h5>III. 1. \u00c9ves k\u00f6lts\u00e9gvet\u00e9sek, besz\u00e1mol\u00f3k<\/h5><p class=\"kibo\"><a class=\"fly\">B\u0151vebben<\/a><\/p><ul class=\"op1\"><li><h6>III. 1. A k\u00f6zfeladatot ell\u00e1t\u00f3 szerv \u00e9ves k\u00f6lts\u00e9gvet\u00e9se, sz\u00e1mviteli t\u00f6rv\u00e9ny szerint besz\u00e1mol\u00f3ja vagy \u00e9ves k\u00f6lts\u00e9gvet\u00e9s besz\u00e1mol\u00f3ja<\/h6><p>A t\u00e1rsas\u00e1g besz\u00e1mol\u00f3inak megtekint\u00e9s\u00e9hez k\u00e9rem kattintson az al\u00e1bbi linkre, \u00e9s \u00edrja be a sz\u00fcks\u00e9ges adatokat a keres\u00e9shez:<\/p><p><a href=\"http:\/\/e-beszamolo.im.gov.hu\/oldal\/beszamolo_kereses\" target=\"_blank\" rel=\"noopener\">http:\/\/e-beszamolo.im.gov.hu\u00ad\/oldal\u00ad\/beszamolo_kereses<\/a><\/li><\/ul><\/li><li><h5>III. 2. Foglalkoztatottak<\/h5><p class=\"kibo\"><a class=\"fly\">B\u0151vebben<\/a><\/p><ul class=\"op1\"><li><h6>III. 2. A k\u00f6zfeladatot ell\u00e1t\u00f3 szervn\u00e9l foglalkoztatottak l\u00e9tsz\u00e1m\u00e1ra \u00e9s szem\u00e9lyi juttat\u00e1saira vonatkoz\u00f3 \u00f6sszes\u00edtett adatok, illetve \u00f6sszes\u00edtve a vezet\u0151k \u00e9s vezet\u0151 tiszts\u00e9gvisel\u0151k illetm\u00e9nye, munkab\u00e9re, \u00e9s rendszeres juttat\u00e1sai, valamint k\u00f6lts\u00e9gt\u00e9r\u00edt\u00e9se, az egy\u00e9b alkalmazottaknak ny\u00fajtott juttat\u00e1sok fajt\u00e1ja \u00e9s m\u00e9rt\u00e9ke \u00f6sszes\u00edtve<\/h6><p><a class=\"dl_pdf\" href=\"\/wp-content\/uploads\/2026\/04\/A_IIII_2-2026_04_14.pdf\" target=\"_blank\" rel=\"noopener\"><strong>Let\u00f6lt\u00e9s (2026.04.16)<\/strong> (PDF)<\/a><\/p><p class=\"kibo\"><a class=\"fly arch\">Arch\u00edvum megnyit\u00e1s<\/a><\/p><ul class=\"op3 ularch\"><li>Vezet\u0151 tiszts\u00e9gvisel\u0151k arch\u00edvum<br \/><a class=\"dl_pdf\" href=\"\/wp-content\/uploads\/2024\/09\/b_1_vezeto_tisztsegviselok_20240905.pdf\" target=\"_blank\" rel=\"noopener\"><strong>2025.01.28.<\/strong> (PDF)<\/a><br \/><a class=\"dl_pdf\" href=\"\/wp-content\/uploads\/2023\/10\/b_1_vezeto_tisztsegviselok_20230927.pdf\" target=\"_blank\" rel=\"noopener\"><strong>2025.02.25<\/strong> (PDF)<\/a><br \/><a class=\"dl_pdf\" href=\"\/wp-content\/uploads\/2025\/03\/b_1_vezeto_tisztsegviselok_20250224.pdf\" target=\"_blank\" rel=\"noopener\"><strong>2025.06.19<\/strong> (PDF)<\/a><\/li><li>Statisztikai l\u00e9tsz\u00e1m arch\u00edvum<br \/><a class=\"dl_pdf\" href=\"\/wp-content\/uploads\/2025\/04\/a_III_2_foglalkoztatottak_letszama_juttatas_2025_I_20250408.pdf\" target=\"_blank\" rel=\"noopener\"><strong>2025. I. negyed\u00e9v<\/strong> (PDF)<\/a><\/li><li>Foglalkoztatottak<br \/><a class=\"dl_pdf\" href=\"\/wp-content\/uploads\/2025\/06\/A_III_2-2025-06-18.pdf\" target=\"_blank\" rel=\"noopener\"><strong>2025.07.15<\/strong> (PDF)<\/a><br \/><a class=\"dl_pdf\" href=\"\/wp-content\/uploads\/2025\/10\/A_IIII_2-2025-07-11.pdf\" target=\"_blank\" rel=\"noopener\"><strong>2025.10.10<\/strong> (PDF)<\/a><br \/><a class=\"dl_pdf\" href=\"\/wp-content\/uploads\/2025\/10\/A_III_2_2025_10_09.pdf\" target=\"_blank\" rel=\"noopener\"><strong>2026.01.22<\/strong> (PDF)<\/a><br \/><a class=\"dl_pdf\" href=\"\/wp-content\/uploads\/2026\/01\/A_IIII_2-2026_01_21.pdf\" target=\"_blank\" rel=\"noopener\"><strong>2026.04.16<\/strong> (PDF)<\/a><\/li><\/ul><\/li><\/ul><\/li><li><h5>III. 3. T\u00e1mogat\u00e1sok<\/h5><p class=\"kibo\"><a class=\"fly\">B\u0151vebben<\/a><\/p><ul class=\"op1\"><li><h6>III. 3. A k\u00f6zfeladatot ell\u00e1t\u00f3 szerv \u00e1ltal ny\u00fajtott, az \u00e1llamh\u00e1ztart\u00e1sr\u00f3l sz\u00f3l\u00f3 t\u00f6rv\u00e9ny szerinti k\u00f6lts\u00e9gvet\u00e9si t\u00e1mogat\u00e1sok kedvezm\u00e9nyezettjeinek nev\u00e9re, a t\u00e1mogat\u00e1s c\u00e9lj\u00e1ra, \u00f6sszeg\u00e9re, tov\u00e1bb\u00e1 a t\u00e1mogat\u00e1si program megval\u00f3s\u00edt\u00e1si hely\u00e9re vonatkoz\u00f3 adatok, kiv\u00e9ve, ha a k\u00f6zz\u00e9t\u00e9tel el\u0151tt a k\u00f6lts\u00e9gvet\u00e9si t\u00e1mogat\u00e1st visszavonj\u00e1k vagy arr\u00f3l a kedvezm\u00e9nyezett lemond<\/h6><p>A HM EI Zrt. eset\u00e9ben nincs ilyen adat.<\/li><\/ul><\/li><li><h5>III. 4. Szerz\u0151d\u00e9sek<\/h5><p class=\"kibo\"><a class=\"fly\">B\u0151vebben<\/a><\/p><ul class=\"op1\"><li><h6>III. 4. Az \u00e1llamh\u00e1ztart\u00e1s p\u00e9nzeszk\u00f6zei felhaszn\u00e1l\u00e1s\u00e1val, az \u00e1llamh\u00e1ztart\u00e1shoz tartoz\u00f3 vagyonnal t\u00f6rt\u00e9n\u0151 gazd\u00e1lkod\u00e1ssal \u00f6sszef\u00fcgg\u0151, \u00f6tmilli\u00f3 forintot el\u00e9r\u0151 vagy azt meghalad\u00f3 \u00e9rt\u00e9k\u0171 \u00e1rubeszerz\u00e9sre, \u00e9p\u00edt\u00e9si beruh\u00e1z\u00e1sra, szolg\u00e1ltat\u00e1s megrendel\u00e9sre, vagyon\u00e9rt\u00e9kes\u00edt\u00e9sre, vagyonhasznos\u00edt\u00e1sra, vagyon vagy vagyoni \u00e9rt\u00e9k\u0171 jog \u00e1tad\u00e1s\u00e1ra, valamint koncesszi\u00f3ba ad\u00e1sra vonatkoz\u00f3 szerz\u0151d\u00e9sek megnevez\u00e9se (t\u00edpusa), t\u00e1rgya, a szerz\u0151d\u00e9st k\u00f6t\u0151 felek neve, a szerz\u0151d\u00e9s \u00e9rt\u00e9ke, hat\u00e1rozott id\u0151re k\u00f6t\u00f6tt szerz\u0151d\u00e9s eset\u00e9ben annak id\u0151tartama, valamint az eml\u00edtett adatok v\u00e1ltoz\u00e1sai, a v\u00e9delmi \u00e9s biztons\u00e1gi c\u00e9l\u00fa beszerz\u00e9sek adatai \u00e9s a min\u0151s\u00edtett adatok, tov\u00e1bb\u00e1 a k\u00f6zbeszerz\u00e9sekr\u0151l sz\u00f3l\u00f3 2015. \u00e9vi CXLIII. t\u00f6rv\u00e9ny 9. \u00a7 (1) bekezd\u00e9s b) pontja szerinti beszerz\u00e9sek \u00e9s az azok eredm\u00e9nyek\u00e9nt k\u00f6t\u00f6tt szerz\u0151d\u00e9sek adatai kiv\u00e9tel\u00e9vel. A szerz\u0151d\u00e9s \u00e9rt\u00e9ke alatt a szerz\u0151d\u00e9s t\u00e1rgy\u00e1\u00e9rt kik\u00f6t\u00f6tt - \u00e1ltal\u00e1nos forgalmi ad\u00f3 n\u00e9lk\u00fcl sz\u00e1m\u00edtott - ellenszolg\u00e1ltat\u00e1st kell \u00e9rteni, ingyenes \u00fcgylet eset\u00e9n a vagyon piaci vagy k\u00f6nyv szerinti \u00e9rt\u00e9ke k\u00f6z\u00fcl a magasabb \u00f6sszeget kell figyelembe venni. Az id\u0151szakonk\u00e9nt visszat\u00e9r\u0151 - egy \u00e9vn\u00e9l hosszabb id\u0151tartamra k\u00f6t\u00f6tt - szerz\u0151d\u00e9sekn\u00e9l az \u00e9rt\u00e9k kisz\u00e1m\u00edt\u00e1sakor az ellenszolg\u00e1ltat\u00e1s egy \u00e9vre sz\u00e1m\u00edtott \u00f6sszeg\u00e9t kell alapul venni. Az egy k\u00f6lts\u00e9gvet\u00e9si \u00e9vben ugyanazon szerz\u0151d\u0151 f\u00e9llel k\u00f6t\u00f6tt azonos t\u00e1rgy\u00fa szerz\u0151d\u00e9sek \u00e9rt\u00e9k\u00e9t egybe kell sz\u00e1m\u00edtani.<\/h6><p>A HM EI Zrt. a szerz\u0151d\u00e9ses adatait a k\u00f6ztulajdonban \u00e1ll\u00f3 gazdas\u00e1gi t\u00e1rsas\u00e1gok takar\u00e9kosabb m\u0171k\u00f6d\u00e9s\u00e9r\u0151l sz\u00f3l\u00f3 2009. \u00e9vi CXXII. t\u00f6rv\u00e9ny rendelkez\u00e9sei figyelembev\u00e9tel\u00e9vel teszi k\u00f6zz\u00e9.<\/p><p><a class=\"dl_pdf\" href=\"\/wp-content\/uploads\/2024\/01\/b_3_szerzodesek_2024_01_19.pdf\" target=\"_blank\" rel=\"noopener\"><strong>Let\u00f6lt\u00e9s<\/strong> (PDF)<\/a><\/p><p><a class=\"dl_pdf\" href=\"\/wp-content\/uploads\/2023\/12\/b_3_szerzodesek_2023_11_23.pdf\" target=\"_blank\" rel=\"noopener\"><strong>Arch\u00edvum (let\u00f6lt\u00e9s)<\/strong> (PDF)<\/a><\/li><\/ul><\/li><li><h5>III. 5. Koncesszi\u00f3s adatok<\/h5><p class=\"kibo\"><a class=\"fly\">B\u0151vebben<\/a><\/p><ul class=\"op1\"><li><h6>III. 5. A koncesszi\u00f3r\u00f3l sz\u00f3l\u00f3 t\u00f6rv\u00e9nyben meghat\u00e1rozott nyilv\u00e1nos adatok (p\u00e1ly\u00e1zati ki\u00edr\u00e1sok, p\u00e1ly\u00e1z\u00f3k adatai, az elb\u00edr\u00e1l\u00e1sr\u00f3l k\u00e9sz\u00edtett eml\u00e9keztet\u0151k, p\u00e1ly\u00e1zat eredm\u00e9nye)<\/h6><p>A HM EI Zrt. eset\u00e9ben nincs ilyen adat.<\/li><\/ul><\/li><li><h5>III. 6. Egy\u00e9b kifizet\u00e9sek<\/h5><p class=\"kibo\"><a class=\"fly\">B\u0151vebben<\/a><\/p><ul class=\"op1\"><li><h6>III. 6. A k\u00f6zfeladatot ell\u00e1t\u00f3 szerv \u00e1ltal nem alapfeladatai ell\u00e1t\u00e1s\u00e1ra (\u00edgy k\u00fcl\u00f6n\u00f6sen egyes\u00fclet t\u00e1mogat\u00e1s\u00e1ra, foglalkoztatottai szakmai \u00e9s munkav\u00e1llal\u00f3i \u00e9rdek-k\u00e9pviseleti szervei sz\u00e1m\u00e1ra, foglalkoztatottjai, ell\u00e1tottjai oktat\u00e1si, kultur\u00e1lis, szoci\u00e1lis \u00e9s sporttev\u00e9kenys\u00e9get seg\u00edt\u0151 szervezet t\u00e1mogat\u00e1s\u00e1ra, alap\u00edtv\u00e1nyok \u00e1ltal ell\u00e1tott feladatokkal \u00f6sszef\u00fcgg\u0151 kifizet\u00e9sre) ford\u00edtott, \u00f6tmilli\u00f3 forintot meghalad\u00f3 kifizet\u00e9sek<\/h6><p>A HM EI Zrt. eset\u00e9ben nincs ilyen adat.<\/li><\/ul><\/li><li><h5>III. 7. Eur\u00f3pai Uni\u00f3 \u00e1ltal t\u00e1mogatott fejleszt\u00e9sek<\/h5><p class=\"kibo\"><a class=\"fly\">B\u0151vebben<\/a><\/p><ul class=\"op1\"><li><h6>III. 7. Az Eur\u00f3pai Uni\u00f3 t\u00e1mogat\u00e1s\u00e1val megval\u00f3sul\u00f3 fejleszt\u00e9sek le\u00edr\u00e1sa, az azokra vonatkoz\u00f3 szerz\u0151d\u00e9sek<\/h6><p>A HM EI Zrt. eset\u00e9ben nincs ilyen adat.<\/li><\/ul><\/li><li><h5>III. 8. K\u00f6zbeszerz\u00e9si inform\u00e1ci\u00f3k<\/h5><p class=\"kibo\"><a class=\"fly\">B\u0151vebben<\/a><\/p><ul class=\"op1\"><li><h6>III. 8. K\u00f6zbeszerz\u00e9si inform\u00e1ci\u00f3k (\u00e9ves terv, \u00f6sszegz\u00e9s az aj\u00e1nlatok elb\u00edr\u00e1l\u00e1s\u00e1r\u00f3l, a megk\u00f6t\u00f6tt szerz\u0151d\u00e9sekr\u0151l)<\/h6><p>A k\u00f6zbeszerz\u00e9si inform\u00e1ci\u00f3k a K\u00f6zbeszerz\u00e9si Hat\u00f3s\u00e1g \u00e1ltal m\u0171k\u00f6dtetett K\u00f6zbeszerz\u00e9si Adatb\u00e1zisban az al\u00e1bbi linken \u00e9rhet\u0151k el:<\/p><p><a href=\"https:\/\/www.kozbeszerzes.hu\/adatbazisok\/\" target=\"_blank\" rel=\"noopener\">https:\/\/www.kozbeszerzes.hu\/adatbazisok\/<\/a><\/p><p><a class=\"dl_pdf\" href=\"https:\/\/hmei.hu\/wp-content\/uploads\/2023\/01\/a_III_8_Kozbeszerzesi_terv_2022_20230126.pdf\" target=\"_blank\" rel=\"noopener\"><strong>Let\u00f6lt\u00e9s<\/strong> (PDF)<\/a><\/p><p><a class=\"dl_pdf\" href=\"https:\/\/hmei.hu\/wp-content\/uploads\/2023\/01\/a_III_8_Kozbeszerzesi_terv_2021_20230126.pdf\" target=\"_blank\" rel=\"noopener\"><strong>Arch\u00edvum <\/strong> (PDF)<\/a><\/li><\/ul><\/li><\/ul><\/li><\/ul><\/li><li><h3>B) K\u00dcL\u00d6N\u00d6S K\u00d6ZZ\u00c9T\u00c9TELI LISTA<\/h3><p>A k\u00f6ztulajdonban \u00e1ll\u00f3 gazdas\u00e1gi t\u00e1rsas\u00e1gok takar\u00e9kosabb m\u0171k\u00f6d\u00e9s\u00e9r\u0151l sz\u00f3l\u00f3 2009. \u00e9vi CXXII. t\u00f6rv\u00e9ny alapj\u00e1n<\/p><p class=\"kibo\"><a class=\"fly\" href=\"#toggle2\">B\u0151vebben<\/a><\/p><ul id=\"toggle2\" class=\"op1\"><li><h4>1.) Vezet\u0151 tiszts\u00e9gvisel\u0151k<\/h4><p class=\"kibo\"><a class=\"fly\">B\u0151vebben<\/a><\/p><ul class=\"op2\"><li><h5>A vezet\u0151 tiszts\u00e9gvisel\u0151k, a fel\u00fcgyel\u0151bizotts\u00e1gi tagok, a munka t\u00f6rv\u00e9nyk\u00f6nyv\u00e9r\u0151l sz\u00f3l\u00f3 2012. \u00e9vi I. t\u00f6rv\u00e9ny (a tov\u00e1bbiakban: Mt.) 208. \u00a7-a szerint vezet\u0151 \u00e1ll\u00e1s\u00fa munkav\u00e1llal\u00f3k, valamint az \u00f6n\u00e1ll\u00f3an c\u00e9gjegyz\u00e9sre vagy a banksz\u00e1mla feletti rendelkez\u00e9sre jogosult munkav\u00e1llal\u00f3k al\u00e1bbi adatai:<\/h5><ol><li>nev\u00e9t,<\/li><li>tiszts\u00e9g\u00e9t vagy munkak\u00f6r\u00e9t,<\/li><li>munkaviszonyban \u00e1ll\u00f3 szem\u00e9ly eset\u00e9ben<ol><li>a munkav\u00e1llal\u00f3 r\u00e9sz\u00e9re a munkaviszonya alapj\u00e1n k\u00f6zvetlen\u00fcl vagy k\u00f6zvetve ny\u00fajtott p\u00e9nzbeli juttat\u00e1sokat, ezen bel\u00fcl k\u00fcl\u00f6n felt\u00fcntetve alapb\u00e9r\u00e9t, egy\u00e9b id\u0151b\u00e9r\u00e9t, teljes\u00edtm\u00e9nyb\u00e9r\u00e9t, valamint az id\u0151b\u00e9rt megalapoz\u00f3 id\u0151tartamot, illetve a teljes\u00edtm\u00e9nyb\u00e9rt megalapoz\u00f3 teljes\u00edtm\u00e9nyk\u00f6vetelm\u00e9nyeket,<\/li><li>az Mt., kollekt\u00edv szerz\u0151d\u00e9s, illetve a munkaszerz\u0151d\u00e9s alapj\u00e1n j\u00e1r\u00f3 m\u00e9rt\u00e9ket megjel\u00f6lve a munkav\u00e1llal\u00f3ra ir\u00e1nyad\u00f3 v\u00e9gkiel\u00e9g\u00edt\u00e9s, illetve felmond\u00e1si id\u0151 id\u0151tartam\u00e1t,<\/li><li>az Mt. 228. \u00a7 alapj\u00e1n kik\u00f6t\u00f6tt id\u0151tartamot \u00e9s a k\u00f6telezetts\u00e9g v\u00e1llal\u00e1s\u00e1nak ellen\u00e9rt\u00e9k\u00e9t,<\/li><\/ol><\/li><li>a Polg\u00e1ri T\u00f6rv\u00e9nyk\u00f6nyvr\u0151l sz\u00f3l\u00f3 2013. \u00e9vi V. t\u00f6rv\u00e9ny 3:112 \u00a7 (1) bekezd\u00e9se szerinti jogviszony, valamint a fel\u00fcgyel\u0151bizotts\u00e1gi tagok eset\u00e9n<ol><li>a megb\u00edz\u00e1si d\u00edjat,<\/li><li>a megb\u00edz\u00e1si d\u00edjon fel\u00fcli egy\u00e9b j\u00e1rand\u00f3s\u00e1gokat,<\/li><li>a jogviszony megsz\u0171n\u00e9se eset\u00e9n j\u00e1r\u00f3 p\u00e9nzbeli juttat\u00e1sokat.<\/li><\/ol><\/li><\/ol><p>Vezet\u0151 tiszts\u00e9gvisel\u0151k<\/p><p class=\"kibo\"><a class=\"fly arch\">Arch\u00edvum megnyit\u00e1s<\/a><\/p><p><a class=\"dl_pdf\" href=\"\/wp-content\/uploads\/2022\/10\/b_1_vezeto_tisztsegviselok_20221007.pdf\" target=\"_blank\" rel=\"noopener\"><strong>2023.04.01.<\/strong> (PDF)<\/a><br \/><a class=\"dl_pdf\" href=\"\/wp-content\/uploads\/2023\/04\/b_1_vezeto_tisztsegviselok_20230401.pdf\" target=\"_blank\" rel=\"noopener\"><strong>2023.06.23.<\/strong> (PDF)<\/a><br \/><a class=\"dl_pdf\" href=\"\/wp-content\/uploads\/2023\/06\/b_1_vezeto_tisztsegviselok_20230623.pdf\" target=\"_blank\" rel=\"noopener\"><strong>2023.09.07.<\/strong> (PDF)<\/a><br \/><a class=\"dl_pdf\" href=\"\/wp-content\/uploads\/2023\/10\/b_1_vezeto_tisztsegviselok_20230907.pdf\" target=\"_blank\" rel=\"noopener\"><strong>2023.09.27.<\/strong> (PDF)<\/a><br \/><a class=\"dl_pdf\" href=\"\/wp-content\/uploads\/2025\/02\/b_1_vezeto_tisztsegviselok_20240905.pdf\" target=\"_blank\" rel=\"noopener\"><strong>2024.09.05.<\/strong> (PDF)<\/a><br \/><a class=\"dl_pdf\" href=\"\/wp-content\/uploads\/2025\/02\/b_1_vezeto_tisztsegviselok_20240905-1.pdf\" target=\"_blank\" rel=\"noopener\"><strong>2025.01.28.<\/strong> (PDF)<\/a><br \/><a class=\"dl_pdf\" href=\"\/wp-content\/uploads\/2025\/01\/b_1_vezeto_tisztsegviselok_20250127.pdf\" target=\"_blank\" rel=\"noopener\"><strong>2025.02.25<\/strong> (PDF)<\/a><br \/><a class=\"dl_pdf\" href=\"\/wp-content\/uploads\/2025\/03\/b_1_vezeto_tisztsegviselok_20250224.pdf\" target=\"_blank\" rel=\"noopener\"><strong>2025.06.20<\/strong> (PDF)<\/a><\/li><\/ul><\/li><li><h4>2.) Egy\u00fcttes c\u00e9gjegyz\u00e9s<\/h4><p class=\"kibo\"><a class=\"fly\">B\u0151vebben<\/a><\/p><ul class=\"op1\"><li><h5>A m\u00e1sokkal egy\u00fcttesen c\u00e9gjegyz\u00e9sre vagy a banksz\u00e1mla feletti rendelkez\u00e9sre jogosult munkav\u00e1llal\u00f3k, valamint a munk\u00e1ltat\u00f3 m\u0171k\u00f6d\u00e9se szempontj\u00e1b\u00f3l meghat\u00e1roz\u00f3 jelent\u0151s\u00e9g\u0171 egy\u00e9b munkav\u00e1llal\u00f3k eset\u00e9ben a munkav\u00e1llal\u00f3<\/h5><ol><li>munkak\u00f6r\u00e9t,<\/li><li>tiszts\u00e9g\u00e9t vagy munkak\u00f6r\u00e9t,<\/li><li>r\u00e9sz\u00e9re a munkaviszonya alapj\u00e1n k\u00f6zvetlen\u00fcl vagy k\u00f6zvetve ny\u00fajtott p\u00e9nzbeli juttat\u00e1sokat, ezen bel\u00fcl k\u00fcl\u00f6n felt\u00fcntetve alapb\u00e9r\u00e9t, egy\u00e9b id\u0151b\u00e9r\u00e9t, teljes\u00edtm\u00e9nyb\u00e9r\u00e9t, valamint az id\u0151b\u00e9rt megalapoz\u00f3 id\u0151tartamot, illetve a teljes\u00edtm\u00e9nyb\u00e9rt megalapoz\u00f3 teljes\u00edtm\u00e9nyk\u00f6vetelm\u00e9nyeket,<\/li><li>az Mt., kollekt\u00edv szerz\u0151d\u00e9s, illetve a munkaszerz\u0151d\u00e9s alapj\u00e1n j\u00e1r\u00f3 m\u00e9rt\u00e9ket megjel\u00f6lve a munkav\u00e1llal\u00f3ra ir\u00e1nyad\u00f3 v\u00e9gkiel\u00e9g\u00edt\u00e9s, illetve felmond\u00e1si id\u0151 id\u0151tartam\u00e1t,<\/li><li>az Mt. 228. \u00a7 alapj\u00e1n kik\u00f6t\u00f6tt id\u0151tartamot \u00e9s a k\u00f6telezetts\u00e9g v\u00e1llal\u00e1s\u00e1nak ellen\u00e9rt\u00e9k\u00e9t.<\/li><\/ol><p>A munk\u00e1ltat\u00f3 m\u0171k\u00f6d\u00e9se szempontj\u00e1b\u00f3l meghat\u00e1roz\u00f3 jelent\u0151s\u00e9g\u0171 munkak\u00f6rnek min\u0151s\u00fcl az a munkak\u00f6r, amely a gazdas\u00e1gi t\u00e1rsas\u00e1g vagyon\u00e1val val\u00f3 gazd\u00e1lkod\u00e1s sor\u00e1n d\u00f6nt\u00e9si jogk\u00f6rt tartalmaz.<\/p><p>Egy\u00fcttes c\u00e9gjegyz\u00e9s<\/p><p class=\"kibo\"><a class=\"fly arch\">Arch\u00edvum megnyit\u00e1s<\/a><\/p><\/li><li><a class=\"dl_pdf\" href=\"\/wp-content\/uploads\/2022\/02\/b_2_egyuttes-cegjegyzes_20220203.pdf\" target=\"_blank\" rel=\"noopener\"><strong>2022.02.03<\/strong> (PDF)<\/a><br \/><a class=\"dl_pdf\" href=\"\/wp-content\/uploads\/2023\/05\/b_2_egyuttes_cegjegyzes_20230413.pdf\" target=\"_blank\" rel=\"noopener\"><strong>2023.06.23<\/strong> (PDF)<\/a><br \/><a class=\"dl_pdf\" href=\"\/wp-content\/uploads\/2023\/06\/b_2_egyuttes_cegjegyzes_20230623.pdf\" target=\"_blank\" rel=\"noopener\"><strong>2023.09.07<\/strong> (PDF)<\/a><br \/><a class=\"dl_pdf\" href=\"\/wp-content\/uploads\/2023\/10\/b_2egyuttes_cegjegyzes_20230907.pdf\" target=\"_blank\" rel=\"noopener\"><strong>2023.12.13<\/strong> (PDF)<\/a><br \/><a class=\"dl_pdf\" href=\"\/wp-content\/uploads\/2023\/12\/b_2_egyuttes_cegjegyzes_20231212.pdf\" target=\"_blank\" rel=\"noopener\"><strong>2024.02.06<\/strong> (PDF)<\/a><br \/><a class=\"dl_pdf\" href=\"\/wp-content\/uploads\/2024\/02\/b_2_egyuttes_cegjegyzes_20240206.pdf\" target=\"_blank\" rel=\"noopener\"><strong>2025.02.25<\/strong> (PDF)<\/a><br \/><a class=\"dl_pdf\" href=\"\/wp-content\/uploads\/2025\/03\/b_2_egyuttes_cegjegyzes_20250224.pdf\" target=\"_blank\" rel=\"noopener\"><strong>2025.03.13<\/strong> (PDF)<\/a><br \/><a class=\"dl_pdf\" href=\"\/wp-content\/uploads\/2025\/03\/b_2_egyuttes_cegjegyzes_20250311.pdf\" target=\"_blank\" rel=\"noopener\"><strong>2025.06.20<\/strong> (PDF)<\/a><\/li><\/ul><\/li><li><h4>3.) Szerz\u0151d\u00e9sek<\/h4><p class=\"kibo\"><a class=\"fly\">B\u0151vebben<\/a><\/p><ul class=\"op1\"><li><h5>P\u00e9nzeszk\u00f6zei felhaszn\u00e1l\u00e1s\u00e1val, a gazdas\u00e1gi t\u00e1rsas\u00e1g vagyon\u00e1val t\u00f6rt\u00e9n\u0151 gazd\u00e1lkod\u00e1ssal \u00f6sszef\u00fcgg\u0151, - a nemzeti k\u00f6zbeszerz\u00e9si elj\u00e1r\u00e1s \u00e9rt\u00e9khat\u00e1r\u00e1t el\u00e9r\u0151 vagy azt meghalad\u00f3 \u00e9rt\u00e9k\u0171<\/h5><ol><li>\u00e1rubeszerz\u00e9sre,<\/li><li>\u00e9p\u00edt\u00e9si beruh\u00e1z\u00e1sra,<\/li><li>szolg\u00e1ltat\u00e1s megrendel\u00e9sre,<\/li><li>vagyon\u00e9rt\u00e9kes\u00edt\u00e9sre,<\/li><li>vagyonhasznos\u00edt\u00e1sra,<\/li><li>vagyon vagy vagyoni \u00e9rt\u00e9k\u0171 jog \u00e1tad\u00e1s\u00e1ra, valamint<\/li><li>koncesszi\u00f3ba ad\u00e1sra<\/li><\/ol><p>vonatkoz\u00f3 szerz\u0151d\u00e9sek megnevez\u00e9se (t\u00edpusa), t\u00e1rgya, a szerz\u0151d\u00e9st k\u00f6t\u0151 felek neve, a szerz\u0151d\u00e9s \u00e9rt\u00e9ke, hat\u00e1rozott id\u0151re k\u00f6t\u00f6tt szerz\u0151d\u00e9s eset\u00e9ben annak id\u0151tartama, valamint az eml\u00edtett adatok v\u00e1ltoz\u00e1sai.<\/p><p>Szerz\u0151d\u00e9s \u00e9rt\u00e9ke alatt a szerz\u0151d\u00e9s t\u00e1rgy\u00e1\u00e9rt kik\u00f6t\u00f6tt - \u00e1ltal\u00e1nos forgalmi ad\u00f3 n\u00e9lk\u00fcl sz\u00e1m\u00edtott - ellenszolg\u00e1ltat\u00e1st kell \u00e9rteni, ingyenes \u00fcgylet eset\u00e9n pedig a vagyon piaci vagy k\u00f6nyv szerinti \u00e9rt\u00e9ke k\u00f6z\u00fcl a magasabb \u00f6sszeget kell figyelembe venni. Az id\u0151szakonk\u00e9nt visszat\u00e9r\u0151 - egy \u00e9vn\u00e9l hosszabb id\u0151tartamra k\u00f6t\u00f6tt - szerz\u0151d\u00e9sekn\u00e9l az \u00e9rt\u00e9k kisz\u00e1m\u00edt\u00e1sakor az ellenszolg\u00e1ltat\u00e1s egy \u00e9vre sz\u00e1m\u00edtott \u00f6sszeg\u00e9t kell alapul venni. Az egy k\u00f6lts\u00e9gvet\u00e9si \u00e9vben ugyanazon szerz\u0151d\u0151 f\u00e9llel k\u00f6t\u00f6tt azonos t\u00e1rgy\u00fa szerz\u0151d\u00e9sek \u00e9rt\u00e9k\u00e9t a k\u00f6zz\u00e9t\u00e9teli k\u00f6telezetts\u00e9g szempontj\u00e1b\u00f3l egybe kell sz\u00e1m\u00edtani.<\/p><p>A jelen pont szerinti nyilv\u00e1noss\u00e1gra hozatali k\u00f6telezetts\u00e9g nem vonatkozik a v\u00e9delmi \u00e9s biztons\u00e1gi beszerz\u00e9sekre, a nemzetbiztons\u00e1gi, illetve honv\u00e9delmi \u00e9rdekkel k\u00f6zvetlen\u00fcl \u00f6sszef\u00fcgg\u0151 szerz\u0151d\u00e9sekre, valamint a min\u0151s\u00edtett adatokra.<\/p><p>Szerz\u0151d\u00e9sek<\/p><p><a class=\"dl_pdf\" href=\"\/wp-content\/uploads\/2024\/01\/b_3_szerzodesek_2024_01_19.pdf\" target=\"_blank\" rel=\"noopener\"><strong>Let\u00f6lt\u00e9s<\/strong> (PDF)<\/a><br \/><a class=\"dl_pdf\" href=\"\/wp-content\/uploads\/2023\/12\/b_3_szerzodesek_2023_11_23.pdf\" target=\"_blank\" rel=\"noopener\"><strong>Arch\u00edvum (let\u00f6lt\u00e9s)<\/strong> (PDF)<\/a><\/li><\/ul><\/li><\/ul><\/li><li><h3>C) EGY\u00c9B K\u00d6ZZ\u00c9T\u00c9TELEK, V\u00c1LLALATIR\u00c1NY\u00cdT\u00c1ST EL\u0150SEG\u00cdT\u0150 ESZK\u00d6Z\u00d6K<\/h3><p class=\"kibo\"><a class=\"fly\" href=\"#toggle3\">B\u0151vebben<\/a><\/p><ul id=\"toggle3\" class=\"op1\"><li><h4>Beszerz\u00e9si alapelvek<\/h4><p>A HM EI Zrt. a beszerz\u00e9sei sor\u00e1n a j\u00f3hiszem\u0171s\u00e9g, a tisztess\u00e9g, az \u00e1tl\u00e1that\u00f3s\u00e1g \u00e9s a rendeltet\u00e9sszer\u0171 joggyakorl\u00e1s, a hat\u00e9kony \u00e9s felel\u0151s gazd\u00e1lkod\u00e1s elveit szem el\u0151tt tartva j\u00e1r el, biztos\u00edtva a verseny tisztas\u00e1g\u00e1t \u00e9s \u00e9rv\u00e9nyes\u00edtve a m\u0171szaki \u00e9s k\u00f6rnyezetv\u00e9delmi el\u0151\u00edr\u00e1sokat, a szakmai, biztons\u00e1gi \u00e9s j\u00f6vedelmez\u0151s\u00e9gi, valamint gazdas\u00e1goss\u00e1gi k\u00f6vetelm\u00e9nyeket.<\/li><li><h4>Etikai k\u00f3dex<\/h4><p><a class=\"dl_pdf\" href=\"\/wp-content\/uploads\/2026\/01\/1014-34_HM_EI_Zrt_Etikai_Kodexe.pdf\" target=\"_blank\" rel=\"noopener\"><strong>Let\u00f6lt\u00e9s<\/strong> (PDF)<\/a><\/li><li>II. 15. Statisztik\u00e1k k\u00f6z\u00e9rdek\u0171 adatokr\u00f3l<br \/><h4>BELS\u0150 VISSZA\u00c9L\u00c9S-BEJELENT\u00c9SI RENDSZER<\/h4><p>A HM EI Zrt. a jogszer\u0171, \u00e1tl\u00e1that\u00f3, c\u00e9lkit\u0171z\u00e9seinek, \u00e9rt\u00e9keinek \u00e9s elveinek megfelel\u0151 m\u0171k\u00f6d\u00e9se, illetve a foglalkoztat\u00e1sra ir\u00e1nyul\u00f3 jogviszonyban \u00e1ll\u00f3 szem\u00e9lyek prudens \u00e9s \u00e1tl\u00e1that\u00f3 foglalkoztat\u00e1s\u00e1nak meger\u0151s\u00edt\u00e9se \u00e9rdek\u00e9ben a bejelent\u00e9sek kezel\u00e9se \u00e9s kivizsg\u00e1l\u00e1sa c\u00e9lj\u00e1b\u00f3l bels\u0151 vissza\u00e9l\u00e9s-bejelent\u00e9si rendszert m\u0171k\u00f6dtet.<\/p><p>A HM EI Zrt. bels\u0151 vissza\u00e9l\u00e9s-bejelent\u00e9si rendszer\u00e9ben b\u00e1rmely szervezeti integrit\u00e1st s\u00e9rt\u0151 esem\u00e9nyt, a HM EI Zrt. Etikai K\u00f3dex\u00e9ben meghat\u00e1rozott magatart\u00e1si szab\u00e1lyok megs\u00e9rt\u00e9s\u00e9t vagy b\u00e1rmely jogellenes vagy jogellenesnek felt\u00e9telezett cselekm\u00e9nyre vagy mulaszt\u00e1sra, illetve egy\u00e9b vissza\u00e9l\u00e9sre vonatkoz\u00f3 inform\u00e1ci\u00f3t be lehet jelenteni (a tov\u00e1bbiakban: bejelent\u00e9s).<\/p><p>Bejelent\u00e9st els\u0151sorban elektronikusan, a bejelentesek@hmei.hu e-mail c\u00edmre lehet megk\u00fcldeni, az itt el\u00e9rhet\u0151 Bejelent\u00e9si \u0171rlap kit\u00f6lt\u00e9s\u00e9vel, valamint a bejelent\u00e9s az al\u00e1bbi t\u00e1j\u00e9koztat\u00f3ban le\u00edrt tov\u00e1bbi m\u00f3dokon is megtehet\u0151.<\/p><p>Bejelent\u00e9si \u0171rlap:<\/p><p><a class=\"dl_pdf\" href=\"\/wp-content\/uploads\/2024\/10\/Bejelentesi-urlap_20241025-1.pdf\" target=\"_blank\" rel=\"noopener\"><strong>Let\u00f6lt\u00e9s<\/strong> (PDF)<\/a><\/p><p>T\u00e1j\u00e9koztat\u00f3 a HM EI Zrt. bels\u0151 vissza\u00e9l\u00e9s-bejelent\u00e9si rendszer\u00e9r\u0151l:<\/p><p><a class=\"dl_pdf\" href=\"\/wp-content\/uploads\/2024\/10\/Tajekoztato-a-HM-EI-Zrt-bejelentesi-rendszererol_20241025-1.pdf\" target=\"_blank\" rel=\"noopener\"><strong>Let\u00f6lt\u00e9s<\/strong> (PDF)<\/a><\/p><p>A HM EI Zrt. bels\u0151 vissza\u00e9l\u00e9s-bejelent\u00e9si rendszer\u00e9vel kapcsolatos r\u00e9szletszab\u00e1lyok:<\/p><p><a class=\"dl_pdf\" href=\"\/wp-content\/uploads\/2023\/07\/Belso-visszaeles-bej.rdsz_.-reszletszabalyok_20230724.pdf\" target=\"_blank\" rel=\"noopener\"><strong>Let\u00f6lt\u00e9s<\/strong> (PDF)<\/a><\/p><p>Adatkezel\u00e9si t\u00e1j\u00e9koztat\u00f3 a HM EI Zrt. bels\u0151 vissza\u00e9l\u00e9s-bejelent\u00e9si rendszer\u00e9vel kapcsolatban:<\/p><p><a class=\"dl_pdf\" href=\"\/wp-content\/uploads\/2023\/07\/ADATKEZELESI-TAJEKOZTATO_2023-07-24.pdf\" target=\"_blank\" rel=\"noopener\"><strong>Let\u00f6lt\u00e9s<\/strong> (PDF)<\/a><\/li><\/ul><\/li><\/ul><p>K\u00f6zadatkeres\u0151: <a class=\"redlink inv\" href=\"https:\/\/kozadat.hu\/kereso\/\" target=\"_blank\" rel=\"noopener\">https:\/\/kozadat.hu\/kereso\/<\/a><\/p><\/div><!-- .col-* -->\n\t\t<\/div>\n\n\t<\/div>\n<\/section>\n<aside class=\"shortcode-widget-area\"><\/aside>","protected":false},"excerpt":{"rendered":"<p>Fejl\u00e9c IS \u00fcres Szolg\u00e1ltat\u00e1s Slider Bels\u0151 oldal f\u0151c\u00edm sor K\u00f6z\u00e9rdek\u0171 adatok C\u00edmlap \/ Bemutatkoz\u00e1s \/ K\u00f6z\u00e9rdek\u0171 adatokBemutatkoz\u00e1s \/ About UsSzervezeti fel\u00e9p\u00edt\u00e9sK\u00f6z\u00e9rdek\u0171 adatokSajt\u00f3szobaKapcsolat Tartalom A) \u00c1LTAL\u00c1NOS K\u00d6ZZ\u00c9T\u00c9TELI LISTAAz inform\u00e1ci\u00f3s \u00f6nrendelkez\u00e9si jogr\u00f3l \u00e9s az inform\u00e1ci\u00f3szabads\u00e1gr\u00f3l sz\u00f3l\u00f3 2011. \u00e9vi CXII. t\u00f6rv\u00e9ny alapj\u00e1nB\u0151vebbenI. Szervezeti, szem\u00e9lyzeti adatokB\u0151vebbenI. 1. Kapcsolat, el\u00e9rhet\u0151s\u00e9gB\u0151vebbenI. 1. A k\u00f6zfeladatot ell\u00e1t\u00f3 szerv hivatalos neve, sz\u00e9khelye, postai c\u00edme, [&hellip;]<\/p>\n","protected":false},"author":24,"featured_media":0,"parent":0,"menu_order":0,"comment_status":"closed","ping_status":"closed","template":"page-templates\/full-width.php","meta":{"footnotes":""},"class_list":["post-8985","page","type-page","status-publish","hentry"],"_links":{"self":[{"href":"https:\/\/hmei.hu\/en\/wp-json\/wp\/v2\/pages\/8985","targetHints":{"allow":["GET"]}}],"collection":[{"href":"https:\/\/hmei.hu\/en\/wp-json\/wp\/v2\/pages"}],"about":[{"href":"https:\/\/hmei.hu\/en\/wp-json\/wp\/v2\/types\/page"}],"author":[{"embeddable":true,"href":"https:\/\/hmei.hu\/en\/wp-json\/wp\/v2\/users\/24"}],"replies":[{"embeddable":true,"href":"https:\/\/hmei.hu\/en\/wp-json\/wp\/v2\/comments?post=8985"}],"version-history":[{"count":40,"href":"https:\/\/hmei.hu\/en\/wp-json\/wp\/v2\/pages\/8985\/revisions"}],"predecessor-version":[{"id":9098,"href":"https:\/\/hmei.hu\/en\/wp-json\/wp\/v2\/pages\/8985\/revisions\/9098"}],"wp:attachment":[{"href":"https:\/\/hmei.hu\/en\/wp-json\/wp\/v2\/media?parent=8985"}],"curies":[{"name":"wp","href":"https:\/\/api.w.org\/{rel}","templated":true}]}}